{"id":496,"date":"2025-12-09T16:19:09","date_gmt":"2025-12-09T16:19:09","guid":{"rendered":"http:\/\/thibaut.wpengine.com\/?page_id=496"},"modified":"2025-12-26T18:31:17","modified_gmt":"2025-12-26T18:31:17","slug":"stiftung-miro-barcelona","status":"publish","type":"page","link":"https:\/\/bonjourbarcelone.fr\/de\/stiftung-miro-barcelona\/","title":{"rendered":"Fondation Miro Barcelone : Guide complet et infos utiles [2026]"},"content":{"rendered":"<p>D\u00e9couvrons ensemble <strong>la fondation Joan Mir\u00f3 \u00e0 Barcelone<\/strong>, qui regroupe des \u0153uvres de l&rsquo;un des artistes contemporains les plus influents.<\/p>\n<p>Dans cet article, vous trouverez notamment :<\/p>\n<ul>\n<li>Une pr\u00e9sentation de la fondation Mir\u00f3<\/li>\n<li>Comment y acc\u00e9der<\/li>\n<li>Ce qu&rsquo;on peut voir en la visitant<\/li>\n<li>Des informations et des conseils pratiques : tarifs, horaires, r\u00e9servation<\/li>\n<li>Et bien d&rsquo;autres choses !<\/li>\n<\/ul>\n<p>Die Joan-Mir\u00f3-Stiftung ist <strong>DER unverzichtbare Besuch<\/strong> wenn man im <strong>MontJu\u00efc-Park<\/strong>. Si vous souhaitez en savoir plus, vous allez adorer cet article.<\/p>\n<p><strong>Lassen Sie sich von Bonjour Barcelona f\u00fchren!<\/strong><\/p>\n<p><a href=\"https:\/\/bonjourbarcelone.fr\/wp-content\/uploads\/2025\/12\/fundacio-joan-miro.jpg\"><img decoding=\"async\" class=\"aligncenter size-full wp-image-4089\" src=\"https:\/\/bonjourbarcelone.fr\/wp-content\/uploads\/2025\/12\/fundacio-joan-miro.jpg\" alt=\"fundation-joan-miro barcelone\" width=\"600\" height=\"400\" srcset=\"https:\/\/bonjourbarcelone.fr\/wp-content\/uploads\/2025\/12\/fundacio-joan-miro.jpg 600w, https:\/\/bonjourbarcelone.fr\/wp-content\/uploads\/2025\/12\/fundacio-joan-miro-300x200.jpg 300w, https:\/\/bonjourbarcelone.fr\/wp-content\/uploads\/2025\/12\/fundacio-joan-miro-18x12.jpg 18w\" sizes=\"(max-width: 600px) 100vw, 600px\" \/><\/a><\/p>\n<h2 class=\"summary-title\">Fondation Miro Barcelone : sommaire de l&rsquo;article<\/h2>\n<div class=\"summary-box\">\n<ul class=\"summary-list\">\n<li><a href=\"#1\">Fondation Miro Barcelone : pour d\u00e9couvrir le g\u00e9nie du catalan international<br \/>\n<\/a><\/li>\n<li><a href=\"#2\">Informations utiles sur la fondation Miro Barcelone : tarifs, horaires, contacts<br \/>\n<\/a><\/li>\n<li><a href=\"#3\">Comment se rendre \u00e0 la fondation MIR\u00d3 ? <\/a><\/li>\n<li><a href=\"#4\">Die Geschichte der Miro-Stiftung in Barcelona<\/a><\/li>\n<li><a href=\"#5\">Der Besuch der Miro-Stiftung<\/a><\/li>\n<li><a href=\"#6\">Astuces de Bonjour Barcelone concernant la fondation Miro + FAQ <\/a><\/li>\n<\/ul>\n<\/div>\n<p><a name=\"1\"><\/a><\/p>\n<h2><strong>Fondation Miro Barcelone : pour d\u00e9couvrir le g\u00e9nie du catalan international\u00a0<\/strong><\/h2>\n<p>Kenner und sogar Nichtkenner wissen, dass Joan Mir\u00f3 einer der bedeutendsten K\u00fcnstler der Welt ist. <strong>emblematische<\/strong> von <strong>zeitgen\u00f6ssische spanische Kunst<\/strong>In den letzten Jahren hat er sich mit dem Surrealismus besch\u00e4ftigt, f\u00fcr den er weltber\u00fchmt geworden ist.<\/p>\n<p><img decoding=\"async\" class=\"wp-image-1497 size-medium alignright\" src=\"https:\/\/bonjourbarcelone.fr\/wp-content\/uploads\/2019\/04\/Devant-Fondation-Juan-Miro-500x300-300x180.jpg\" alt=\"\" width=\"300\" height=\"180\" srcset=\"https:\/\/bonjourbarcelone.fr\/wp-content\/uploads\/2019\/04\/Devant-Fondation-Juan-Miro-500x300-300x180.jpg 300w, https:\/\/bonjourbarcelone.fr\/wp-content\/uploads\/2019\/04\/Devant-Fondation-Juan-Miro-500x300.jpg 500w\" sizes=\"(max-width: 300px) 100vw, 300px\" \/>Die Stiftung befindet sich aus einem einfachen, aber f\u00fcr diesen durchaus wichtigen Grund in Barcelona: <strong>dort wurde er geboren und wird viele Teile seines Lebens verbracht haben<\/strong>.<\/p>\n<p><strong>Stark mit seinen Wurzeln verbunden<\/strong>, dont il exprime son amour dans nombre de ses \u0153uvres, c\u2019est \u00e0 l\u2019\u00e2ge de <strong>80 Jahre<\/strong> dass er die gleichnamige Stiftung einweiht. Dieses Zentrum vereint <strong>die gr\u00f6\u00dfte Sammlung<\/strong> bis heute von dem K\u00fcnstler.<\/p>\n<p>Unbestreitbar <strong>nahe an der franz\u00f6sischen Kultur<\/strong>Dies gilt insbesondere f\u00fcr <strong>Paris <\/strong>dass er die sch\u00f6nsten k\u00fcnstlerischen und freundschaftlichen Begegnungen seiner Karriere hatte: Masson, Breton, Aragon, Jacob, \u00c9luard, Artaud, Leiris, Tzara, <a href=\"https:\/\/bonjourbarcelone.fr\/de\/picasso-museum-barcelona\/\" target=\"_blank\" rel=\"noopener noreferrer\">Picasso<\/a>\u2026 C\u2019est \u00e9galement en France, \u00e0 Paris, bouillon de cr\u00e9ativit\u00e9 et d\u2019inventivit\u00e9, que son art s\u2019est enrichi et structur\u00e9.<\/p>\n<p>Schlie\u00dflich ist die Insel <strong>Mallorca<\/strong> seine alten Tage beherbergen und es ihm erm\u00f6glichen, sich v\u00f6llig von den Einfl\u00fcssen und Anforderungen anderer seiner Zeitgenossen zu l\u00f6sen und sich nur seiner Kunst zu widmen.<\/p>\n<p><strong>Malerei, Collage, Skulptur, Gravur, Lithografie, Keramik...<\/strong> das Werk von Joan Mir\u00f3 ist <strong>au\u00dfergew\u00f6hnlich<\/strong>. Les lieux accueillant cette exposition permanente sont particuli\u00e8rement admirables et valent en eux-m\u00eames le coup d\u2019\u0153il.<\/p>\n<div class=\"su-button-center\"><a href=\"https:\/\/www.tiqets.com\/fr\/billets-fundacio-joan-miro-l145489\/?partner=bonjourbarcelone\" class=\"su-button su-button-style-default\" style=\"color:#FFFFFF;background-color:#659A16;border-color:#517c12;border-radius:9px\" target=\"_blank\" rel=\"nofollow noopener noreferrer\"><span style=\"color:#FFFFFF;padding:8px 24px;font-size:18px;line-height:27px;border-color:#94b95c;border-radius:9px;text-shadow:none\"><i class=\"sui sui-long-arrow-right\" style=\"font-size:18px;color:#FFFFFF\"><\/i> Cliquez ici pour r\u00e9server vos places pour la fondation Miro au meilleur tarif <\/span><\/a><\/div>\n<p>&nbsp;<\/p>\n<p><img decoding=\"async\" class=\"img-full\" title=\"Bildname\" src=\"https:\/\/bonjourbarcelone.fr\/wp-content\/uploads\/2017\/07\/Jardins-de-la-fondation-Juan-Miro\u0301.jpg\" alt=\"Bildname\" \/><br \/>\n<a name=\"2\"><\/a><\/p>\n<h2><strong>Informations utiles sur la fondation Miro Barcelone : tarifs, horaires, contacts\u00a0<\/strong><\/h2>\n<p>Voici les informations \u00e0 conna\u00eetre pour bien pr\u00e9parer votre visite de la fondation Miro de Barcelone.<\/p>\n<h3><strong>\u00d6ffnungszeiten<\/strong><\/h3>\n<ul>\n<li>Du mardi au samedi : 10h -19h (entre novembre et mars) \/ 10h &#8211; 20h (d&rsquo;avril \u00e0 octobre)<\/li>\n<li>Geschlossen: Montag au\u00dfer an Feiertagen<\/li>\n<li>Letzter Zugang: 30 Minuten vor Schlie\u00dfung<\/li>\n<\/ul>\n<div class=\"block-quote\"><strong>Zu beachten <\/strong>ces horaires peuvent \u00eatre soumis \u00e0 modification en cas d\u2019\u00e9v\u00e8nements organis\u00e9s par la direction des visites.<\/div>\n<h3><strong>Tarife<\/strong><\/h3>\n<ul>\n<li>Tarif normal : 18 euros (acc\u00e8s collection Joan Mir\u00f3 + expositions temporaires)<\/li>\n<li>\u00c9l\u00e8ves et \u00e9tudiants de 13 \u00e0 25 ans \/ plus de 65 ans : 12 euros<\/li>\n<li>Gratuit pour les moins de 12 ans<\/li>\n<\/ul>\n<p>Pour gagner du temps et recevoir vos billets coupe-file imm\u00e9diatement, je vous invite \u00e0 les r\u00e9server en ligne.<\/p>\n<div class=\"su-button-center\"><a href=\"https:\/\/www.tiqets.com\/fr\/billets-fundacio-joan-miro-l145489\/?partner=bonjourbarcelone\" class=\"su-button su-button-style-default\" style=\"color:#FFFFFF;background-color:#659A16;border-color:#517c12;border-radius:9px\" target=\"_blank\" rel=\"nofollow noopener noreferrer\"><span style=\"color:#FFFFFF;padding:8px 24px;font-size:18px;line-height:27px;border-color:#94b95c;border-radius:9px;text-shadow:none\"><i class=\"sui sui-long-arrow-right\" style=\"font-size:18px;color:#FFFFFF\"><\/i> Cliquez ici pour r\u00e9server vos places pour la fondation Miro au meilleur tarif <\/span><\/a><\/div>\n<h4><strong>Kontakte<\/strong><\/h4>\n<ul>\n<li><strong>Telefon<\/strong> : (+34) 934 439 470<\/li>\n<li><b>site officiel : <\/b><a href=\"https:\/\/www.fmirobcn.org\/fr\/\" target=\"_blank\" rel=\"noopener\">https:\/\/www.fmirobcn.org\/fr\/\u00a0<\/a><\/li>\n<\/ul>\n<p><a name=\"3\"><\/a><\/p>\n<h2><strong>Comment se rendre \u00e0 la fondation MIR\u00d3 ?\u00a0<\/strong><\/h2>\n<p>La fondation Miro se trouve dans <a href=\"https:\/\/bonjourbarcelone.fr\/de\/park-montjuic-barcelona\/\">le Parc de Montju\u00efc<\/a> (08038) \u00e0 Barcelone. Pour y acc\u00e9der facilement, vous pouvez emprunter les services suivants :<\/p>\n<ul>\n<li><strong>Bus<\/strong> : 13, 55, et 150 (tr\u00e8s conseill\u00e9, arr\u00eat juste devant l\u2019entr\u00e9e du parc)<\/li>\n<li><strong>Metro<\/strong> : Linie 1 (rot), Linie 3 (gr\u00fcn) (Haltestelle weit weg vom Eingang, nicht empfehlenswert)<\/li>\n<li><strong>Zu Fu\u00df<\/strong>, via les sentiers de randonn\u00e9e qu&rsquo;offre la colline de Montju\u00efc<\/li>\n<\/ul>\n<div class=\"block-quote\"><strong>Achtung<\/strong> Es gibt keinen Privatparkplatz. Ich empfehle Ihnen, mit dem Auto zu kommen. <a href=\"https:\/\/bonjourbarcelone.fr\/de\/offentlicher-transport-barcelona\/\" target=\"_blank\" rel=\"noopener noreferrer\">\u00f6ffentliche Verkehrsmittel<\/a> oder mit dem Taxi<\/div>\n<p><a name=\"4\"><\/a><\/p>\n<h2><strong>Die Geschichte der Miro-Stiftung in Barcelona<\/strong><\/h2>\n<p><a href=\"https:\/\/bonjourbarcelone.fr\/wp-content\/uploads\/2017\/07\/Juan-Miro\u0301.jpg\"><img decoding=\"async\" class=\"alignright size-medium wp-image-373\" src=\"https:\/\/bonjourbarcelone.fr\/wp-content\/uploads\/2017\/07\/Juan-Miro\u0301-236x300.jpg\" alt=\"Juan Mir\u00f3\" width=\"236\" height=\"300\" srcset=\"https:\/\/bonjourbarcelone.fr\/wp-content\/uploads\/2017\/07\/Juan-Miro\u0301-236x300.jpg 236w, https:\/\/bonjourbarcelone.fr\/wp-content\/uploads\/2017\/07\/Juan-Miro\u0301.jpg 640w\" sizes=\"(max-width: 236px) 100vw, 236px\" \/><\/a>Eingeweiht 1975 von <strong>der K\u00fcnstler selbst<\/strong>Die Stiftung befindet sich auf einem der H\u00fcgel Barcelonas, im <strong>MontJu\u00efc-Park<\/strong>In den letzten Jahren hat sich das Land zu einem Ort der kulturellen und festlichen Veranstaltungen und auch der Entspannung entwickelt.<\/p>\n<p>Les lieux sont l\u2019\u0153uvre de l\u2019architecte <strong>Joseph Llu\u00eds Sert<\/strong>Er war ein enger Freund von Mir\u00f3.<\/p>\n<p>Tr\u00e8s modernes, en majorit\u00e9 peints en blanc pour faire ressortir l\u2019\u00e9motion pure des \u0153uvres de l\u2019artiste consacr\u00e9, ils ont \u00e9t\u00e9 pens\u00e9s pour permettre \u00e0 la lumi\u00e8re naturelle d\u2019entrer le plus possible \u00e0 l\u2019int\u00e9rieur des pi\u00e8ces pour ne pas d\u00e9naturer lesdites \u0153uvres.<\/p>\n<p>Sie erm\u00f6glichen es dem Besucher, die Entwicklung von Mir\u00f3s Kunst instinktiv zu verstehen, indem er chronologisch die <strong>verschiedene Phasen seines Lebens<\/strong>.<\/p>\n<h3><strong>Miro&#8230;mais pas que !\u00a0<\/strong><\/h3>\n<p>L\u2019ensemble des lieux n\u2019est pas qu\u2019enti\u00e8rement consacr\u00e9 \u00e0 Mir\u00f3. Ce dernier a aussi voulu mettre en avant <strong>andere K\u00fcnstler<\/strong>Die Stiftung wurde von vielen jungen, bekannten und weniger bekannten Menschen gegr\u00fcndet, um der Stiftung einen zeitlosen und avantgardistischen Touch zu verleihen.<\/p>\n<p>Es besteht also die M\u00f6glichkeit, die <strong>Sonderausstellungen<\/strong> renouvel\u00e9es tout au long de<a href=\"https:\/\/bonjourbarcelone.fr\/wp-content\/uploads\/2017\/07\/La-Fondation-Juan-Miro\u0301-Barcelone.jpg\"><img decoding=\"async\" class=\"alignright size-medium wp-image-374\" src=\"https:\/\/bonjourbarcelone.fr\/wp-content\/uploads\/2017\/07\/La-Fondation-Juan-Miro\u0301-Barcelone-200x300.jpg\" alt=\"miro barcelona\" width=\"200\" height=\"300\" srcset=\"https:\/\/bonjourbarcelone.fr\/wp-content\/uploads\/2017\/07\/La-Fondation-Juan-Miro\u0301-Barcelone-200x300.jpg 200w, https:\/\/bonjourbarcelone.fr\/wp-content\/uploads\/2017\/07\/La-Fondation-Juan-Miro\u0301-Barcelone.jpg 640w\" sizes=\"(max-width: 200px) 100vw, 200px\" \/><\/a> l\u2019ann\u00e9e !<\/p>\n<p>Ebenfalls <strong>akademische und k\u00fcnstlerische Aktivit\u00e4ten<\/strong> werden in der Stiftung veranstaltet, was Mir\u00f3s Wunsch entspricht, Kunst und Kultur auf m\u00f6glichst viele Menschen auszudehnen.<\/p>\n<p>Les \u0153uvres expos\u00e9es dans la fondation sont en grande partie issues de dons priv\u00e9s, dont la majorit\u00e9 ont \u00e9t\u00e9 <strong>vom K\u00fcnstler selbst gestiftet <\/strong>da er das Projekt initiiert hat.<\/p>\n<p>Il faut noter que la fondation est l\u2019un des uniques exemples de nos jours qui montre un parfait \u00e9quilibre entre l\u2019artiste, point central, et l\u2019architecte. <strong>Ce dialogue entre les deux amis laisse d\u00e9couvrir un univers tout \u00e0 fait particulier.<\/strong><br \/>\n<a name=\"5\"><\/a><\/p>\n<h2><strong>Der Besuch der Miro-Stiftung<\/strong><\/h2>\n<p>Wie bereits gesagt, erfolgt der Besuch in einer Reihenfolge <strong>chronologisch<\/strong> so dass derjenige, der die Ausstellung entdeckt, sp\u00fcrt <strong>die k\u00fcnstlerische Entwicklung<\/strong> eines Mir\u00f3, der in seinen fr\u00fchen Jahren als Maler von <strong>der Impressionismus<\/strong>und dann das <strong>Kubismus<\/strong> und schlie\u00dflich das <strong>Surrealismus<\/strong>.<\/p>\n<p>Aus diesen verschiedenen Blickwinkeln entstand seine unverkennbare Kunst. Diese \"naive\" Seite l\u00e4sst heute nur noch <strong>gleichg\u00fcltige Person<\/strong>.<\/p>\n<p>\u00dcber die Malerei hinaus wird viel Platz f\u00fcr die <strong>Skulptur<\/strong> und an die <strong>Gravur<\/strong>. Im Laufe seines Lebens l\u00f6ste sich Mir\u00f3 manchmal von der Malerei und k\u00e4mpfte sogar regelrecht gegen diese Kunst, von der er sagen konnte, dass er sie \"zutiefst verachtete\".<\/p>\n<p>Dennoch lernt man ihn am besten durch die Malerei kennen und erkennt ihn vor allem wieder.<\/p>\n<aside class=\"block-note\">\n<p class=\"block-offer-desc\">Die <strong>\u0153uvres principales <\/strong>die es entlang der Strecke zu entdecken gibt :<\/p>\n<ul>\n<li>Der wei\u00dfe Handschuh (1925)<\/li>\n<li>Gem\u00e4lde nach einer Collage (1933)<\/li>\n<li>Der Morgenstern (1940)<\/li>\n<li>Frau, die von Flucht tr\u00e4umt (1945)<\/li>\n<li>Selbstportr\u00e4t (1937-1960)<\/li>\n<li>Malerei (1963)<\/li>\n<li>Katalanischer Bauer im Mondschein (1968)<\/li>\n<li>L\u00e4cheln einer Tr\u00e4ne (1973)<\/li>\n<li>Triptychon Die Hoffnung des zum Tode Verurteilten (1974)<\/li>\n<li>Das Untergeschoss der Stiftung ist Mir\u00f3s Hommage gewidmet<\/li>\n<\/ul>\n<\/aside>\n<p>Diese Stiftung erm\u00f6glicht es, seine Hingabe f\u00fcr die <strong>spanische Kultur<\/strong>, insbesondere <strong>katalanisch<\/strong> und sein Streben nach anderen Kulturen, anderen Bewegungen, die es ihm erm\u00f6glichten, seine Kunst auf der internationalen B\u00fchne zu legitimieren.<br \/>\n<a name=\"6\"><\/a><\/p>\n<h2><strong>Astuces de Bonjour Barcelone concernant la fondation Miro + FAQ<\/strong><\/h2>\n<ul>\n<li>Die <strong>beste Zeit <\/strong>des Tages zu besuchen : <strong>morgens unter der Woche<\/strong> bei der Er\u00f6ffnung des Denkmals<\/li>\n<li>Z\u00f6gern Sie nicht, nehmen Sie <strong>der Audioguide<\/strong> pour ne rien rater et pour bien comprendre la vie et la signification des \u0153uvres de Mir\u00f3<\/li>\n<li>Vergessen Sie nicht zu besuchen <strong>die Terrasse und die G\u00e4rten<\/strong> die wertvolle Kreationen von Mir\u00f3 sowie anderen K\u00fcnstlern enthalten!<\/li>\n<li>Leihen Sie sich den <strong>Standseilbahn<\/strong> um von <a href=\"https:\/\/bonjourbarcelone.fr\/de\/barceloneta-viertel\/\" target=\"_blank\" rel=\"noopener noreferrer\">Barceloneta<\/a> a MontJu\u00efc ! Il s\u2019agit du Telef\u00e9rico del Puerto<\/li>\n<li>Einige Denkm\u00e4ler und andere Museen bieten h\u00e4ufig <strong>K\u00fcrzungen<\/strong> wenn Sie kaufen <strong>en ligne, <\/strong>notamment via <a href=\"https:\/\/bonjourbarcelone.fr\/de\/barcelona-city-pass\/\">le Pass Barcelone<\/a>... Wir lassen es uns nicht nehmen!<\/li>\n<\/ul>\n<div class=\"su-button-center\"><a href=\"https:\/\/www.tiqets.com\/fr\/billets-fundacio-joan-miro-l145489\/?partner=bonjourbarcelone\" class=\"su-button su-button-style-default\" style=\"color:#FFFFFF;background-color:#659A16;border-color:#517c12;border-radius:9px\" target=\"_blank\" rel=\"nofollow noopener noreferrer\"><span style=\"color:#FFFFFF;padding:8px 24px;font-size:18px;line-height:27px;border-color:#94b95c;border-radius:9px;text-shadow:none\"><i class=\"sui sui-long-arrow-right\" style=\"font-size:18px;color:#FFFFFF\"><\/i> Cliquez ici pour r\u00e9server vos places pour la fondation Miro au meilleur tarif <\/span><\/a><\/div>\n<p>&nbsp;<\/p>\n<h3 class=\"JlqpRe\"><strong><span class=\"JCzEY tNxQIb\"><span class=\"CSkcDe\">Quelle est la dur\u00e9e moyenne d&rsquo;une visite compl\u00e8te de la Fondation Joan Mir\u00f3 ?<\/span><\/span><\/strong><\/h3>\n<p>Vous pourrez passer <strong>une \u00e0 deux heures<\/strong> au sein de la fondation Mir\u00f3, selon le temps durant lequel vous vous attardez sur chaque \u0153uvre. Avec des expositions temporaires souvent tr\u00e8s int\u00e9ressantes, c&rsquo;est le minimum !<\/p>\n<h3><strong>Trouve-t-on d&rsquo;autres lieux en rapport \u00e0 Mir\u00f3 \u00e0 Barcelone ?\u00a0<\/strong><\/h3>\n<p>Oui, vous pouvez visiter le Parc Joan Mir\u00f3, dont on vous parle plus en d\u00e9tail au sein de <a href=\"https:\/\/bonjourbarcelone.fr\/de\/joan-miro-park\/\">cet article d\u00e9taill\u00e9 de Bonjour Barcelone<\/a>. C&rsquo;est un lieu agr\u00e9able \u00e0 parcourir, entre design et biodiversit\u00e9.<\/p>\n<p>Bonne visite \u00e0 tous !<\/p>","protected":false},"excerpt":{"rendered":"<p>D\u00e9couvrons ensemble la fondation Joan Mir\u00f3 \u00e0 Barcelone, qui regroupe des \u0153uvres de l&rsquo;un des artistes contemporains les plus influents. Dans cet article, vous trouverez notamment : Une pr\u00e9sentation de la fondation Mir\u00f3 Comment y acc\u00e9der Ce qu&rsquo;on peut voir en la visitant Des informations et des conseils pratiques : tarifs, horaires, r\u00e9servation Et bien [&hellip;]<\/p>","protected":false},"author":2,"featured_media":1497,"parent":0,"menu_order":0,"comment_status":"open","ping_status":"closed","template":"","meta":{"om_disable_all_campaigns":false,"_genesis_hide_title":false,"_genesis_hide_breadcrumbs":false,"_genesis_hide_singular_image":false,"_genesis_hide_footer_widgets":false,"_genesis_custom_body_class":"","_genesis_custom_post_class":"","_genesis_layout":"","footnotes":""},"class_list":{"0":"post-496","1":"page","2":"type-page","3":"status-publish","4":"has-post-thumbnail","6":"entry"},"yoast_head":"<!-- This site is optimized with the Yoast SEO plugin v26.5 - https:\/\/yoast.com\/wordpress\/plugins\/seo\/ -->\n<title>Fondation Miro Barcelone : Guide complet et infos utiles [2026]<\/title>\n<meta name=\"description\" content=\"Voici le guide complet pour visiter la fondation Joan Miro \u00e0 Barcelone ! Informations pratiques, comment s&#039;y rendre, tout y est !\" \/>\n<meta name=\"robots\" content=\"index, follow, max-snippet:-1, max-image-preview:large, max-video-preview:-1\" \/>\n<link rel=\"canonical\" href=\"https:\/\/bonjourbarcelone.fr\/de\/stiftung-miro-barcelona\/\" \/>\n<meta property=\"og:locale\" content=\"de_DE\" \/>\n<meta property=\"og:type\" content=\"article\" \/>\n<meta property=\"og:title\" content=\"Fondation Miro Barcelone : Guide complet et infos utiles [2026]\" \/>\n<meta property=\"og:description\" content=\"Voici le guide complet pour visiter la fondation Joan Miro \u00e0 Barcelone ! Informations pratiques, comment s&#039;y rendre, tout y est !\" \/>\n<meta property=\"og:url\" content=\"https:\/\/bonjourbarcelone.fr\/de\/stiftung-miro-barcelona\/\" \/>\n<meta property=\"og:site_name\" content=\"Visiter Barcelone\" \/>\n<meta property=\"article:modified_time\" content=\"2025-12-26T18:31:17+00:00\" \/>\n<meta property=\"og:image\" content=\"https:\/\/bonjourbarcelone.fr\/wp-content\/uploads\/2019\/04\/Devant-Fondation-Juan-Miro-500x300.jpg\" \/>\n\t<meta property=\"og:image:width\" content=\"500\" \/>\n\t<meta property=\"og:image:height\" content=\"300\" \/>\n\t<meta property=\"og:image:type\" content=\"image\/jpeg\" \/>\n<meta name=\"twitter:card\" content=\"summary_large_image\" \/>\n<meta name=\"twitter:label1\" content=\"Gesch\u00e4tzte Lesezeit\" \/>\n\t<meta name=\"twitter:data1\" content=\"9\u00a0Minuten\" \/>\n<script type=\"application\/ld+json\" class=\"yoast-schema-graph\">{\"@context\":\"https:\/\/schema.org\",\"@graph\":[{\"@type\":\"WebPage\",\"@id\":\"https:\/\/bonjourbarcelone.fr\/fondation-miro-barcelone\/\",\"url\":\"https:\/\/bonjourbarcelone.fr\/fondation-miro-barcelone\/\",\"name\":\"Fondation Miro Barcelone : Guide complet et infos utiles [2026]\",\"isPartOf\":{\"@id\":\"https:\/\/bonjourbarcelone.fr\/#website\"},\"primaryImageOfPage\":{\"@id\":\"https:\/\/bonjourbarcelone.fr\/fondation-miro-barcelone\/#primaryimage\"},\"image\":{\"@id\":\"https:\/\/bonjourbarcelone.fr\/fondation-miro-barcelone\/#primaryimage\"},\"thumbnailUrl\":\"https:\/\/bonjourbarcelone.fr\/wp-content\/uploads\/2019\/04\/Devant-Fondation-Juan-Miro-500x300.jpg\",\"datePublished\":\"2025-12-09T16:19:09+00:00\",\"dateModified\":\"2025-12-26T18:31:17+00:00\",\"description\":\"Voici le guide complet pour visiter la fondation Joan Miro \u00e0 Barcelone ! Informations pratiques, comment s'y rendre, tout y est !\",\"breadcrumb\":{\"@id\":\"https:\/\/bonjourbarcelone.fr\/fondation-miro-barcelone\/#breadcrumb\"},\"inLanguage\":\"de\",\"potentialAction\":[{\"@type\":\"ReadAction\",\"target\":[\"https:\/\/bonjourbarcelone.fr\/fondation-miro-barcelone\/\"]}]},{\"@type\":\"ImageObject\",\"inLanguage\":\"de\",\"@id\":\"https:\/\/bonjourbarcelone.fr\/fondation-miro-barcelone\/#primaryimage\",\"url\":\"https:\/\/bonjourbarcelone.fr\/wp-content\/uploads\/2019\/04\/Devant-Fondation-Juan-Miro-500x300.jpg\",\"contentUrl\":\"https:\/\/bonjourbarcelone.fr\/wp-content\/uploads\/2019\/04\/Devant-Fondation-Juan-Miro-500x300.jpg\",\"width\":500,\"height\":300},{\"@type\":\"BreadcrumbList\",\"@id\":\"https:\/\/bonjourbarcelone.fr\/fondation-miro-barcelone\/#breadcrumb\",\"itemListElement\":[{\"@type\":\"ListItem\",\"position\":1,\"name\":\"Accueil\",\"item\":\"https:\/\/bonjourbarcelone.fr\/\"},{\"@type\":\"ListItem\",\"position\":2,\"name\":\"Fondation Miro Barcelone : Guide complet et infos utiles [2026]\"}]},{\"@type\":\"WebSite\",\"@id\":\"https:\/\/bonjourbarcelone.fr\/#website\",\"url\":\"https:\/\/bonjourbarcelone.fr\/\",\"name\":\"Visiter Barcelone\",\"description\":\"Tout pour passer un s\u00e9jour inoubliable en 2026 !\",\"potentialAction\":[{\"@type\":\"SearchAction\",\"target\":{\"@type\":\"EntryPoint\",\"urlTemplate\":\"https:\/\/bonjourbarcelone.fr\/?s={search_term_string}\"},\"query-input\":{\"@type\":\"PropertyValueSpecification\",\"valueRequired\":true,\"valueName\":\"search_term_string\"}}],\"inLanguage\":\"de\"}]}<\/script>\n<!-- \/ Yoast SEO plugin. -->","yoast_head_json":{"title":"Fondation Miro Barcelone : Guide complet et infos utiles [2026]","description":"Hier ist der komplette Reisef\u00fchrer f\u00fcr den Besuch der Joan Miro-Stiftung in Barcelona! Praktische Informationen, wie man hinkommt, alles ist dabei!","robots":{"index":"index","follow":"follow","max-snippet":"max-snippet:-1","max-image-preview":"max-image-preview:large","max-video-preview":"max-video-preview:-1"},"canonical":"https:\/\/bonjourbarcelone.fr\/de\/stiftung-miro-barcelona\/","og_locale":"de_DE","og_type":"article","og_title":"Fondation Miro Barcelone : Guide complet et infos utiles [2026]","og_description":"Voici le guide complet pour visiter la fondation Joan Miro \u00e0 Barcelone ! Informations pratiques, comment s'y rendre, tout y est !","og_url":"https:\/\/bonjourbarcelone.fr\/de\/stiftung-miro-barcelona\/","og_site_name":"Visiter Barcelone","article_modified_time":"2025-12-26T18:31:17+00:00","og_image":[{"width":500,"height":300,"url":"https:\/\/bonjourbarcelone.fr\/wp-content\/uploads\/2019\/04\/Devant-Fondation-Juan-Miro-500x300.jpg","type":"image\/jpeg"}],"twitter_card":"summary_large_image","twitter_misc":{"Gesch\u00e4tzte Lesezeit":"9\u00a0Minuten"},"schema":{"@context":"https:\/\/schema.org","@graph":[{"@type":"WebPage","@id":"https:\/\/bonjourbarcelone.fr\/fondation-miro-barcelone\/","url":"https:\/\/bonjourbarcelone.fr\/fondation-miro-barcelone\/","name":"Fondation Miro Barcelone : Guide complet et infos utiles [2026]","isPartOf":{"@id":"https:\/\/bonjourbarcelone.fr\/#website"},"primaryImageOfPage":{"@id":"https:\/\/bonjourbarcelone.fr\/fondation-miro-barcelone\/#primaryimage"},"image":{"@id":"https:\/\/bonjourbarcelone.fr\/fondation-miro-barcelone\/#primaryimage"},"thumbnailUrl":"https:\/\/bonjourbarcelone.fr\/wp-content\/uploads\/2019\/04\/Devant-Fondation-Juan-Miro-500x300.jpg","datePublished":"2025-12-09T16:19:09+00:00","dateModified":"2025-12-26T18:31:17+00:00","description":"Hier ist der komplette Reisef\u00fchrer f\u00fcr den Besuch der Joan Miro-Stiftung in Barcelona! Praktische Informationen, wie man hinkommt, alles ist dabei!","breadcrumb":{"@id":"https:\/\/bonjourbarcelone.fr\/fondation-miro-barcelone\/#breadcrumb"},"inLanguage":"de","potentialAction":[{"@type":"ReadAction","target":["https:\/\/bonjourbarcelone.fr\/fondation-miro-barcelone\/"]}]},{"@type":"ImageObject","inLanguage":"de","@id":"https:\/\/bonjourbarcelone.fr\/fondation-miro-barcelone\/#primaryimage","url":"https:\/\/bonjourbarcelone.fr\/wp-content\/uploads\/2019\/04\/Devant-Fondation-Juan-Miro-500x300.jpg","contentUrl":"https:\/\/bonjourbarcelone.fr\/wp-content\/uploads\/2019\/04\/Devant-Fondation-Juan-Miro-500x300.jpg","width":500,"height":300},{"@type":"BreadcrumbList","@id":"https:\/\/bonjourbarcelone.fr\/fondation-miro-barcelone\/#breadcrumb","itemListElement":[{"@type":"ListItem","position":1,"name":"Accueil","item":"https:\/\/bonjourbarcelone.fr\/"},{"@type":"ListItem","position":2,"name":"Fondation Miro Barcelone : Guide complet et infos utiles [2026]"}]},{"@type":"WebSite","@id":"https:\/\/bonjourbarcelone.fr\/#website","url":"https:\/\/bonjourbarcelone.fr\/","name":"Barcelona besuchen","description":"Tout pour passer un s\u00e9jour inoubliable en 2026 !","potentialAction":[{"@type":"SearchAction","target":{"@type":"EntryPoint","urlTemplate":"https:\/\/bonjourbarcelone.fr\/?s={search_term_string}"},"query-input":{"@type":"PropertyValueSpecification","valueRequired":true,"valueName":"search_term_string"}}],"inLanguage":"de"}]}},"_links":{"self":[{"href":"https:\/\/bonjourbarcelone.fr\/de\/wp-json\/wp\/v2\/pages\/496","targetHints":{"allow":["GET"]}}],"collection":[{"href":"https:\/\/bonjourbarcelone.fr\/de\/wp-json\/wp\/v2\/pages"}],"about":[{"href":"https:\/\/bonjourbarcelone.fr\/de\/wp-json\/wp\/v2\/types\/page"}],"author":[{"embeddable":true,"href":"https:\/\/bonjourbarcelone.fr\/de\/wp-json\/wp\/v2\/users\/2"}],"replies":[{"embeddable":true,"href":"https:\/\/bonjourbarcelone.fr\/de\/wp-json\/wp\/v2\/comments?post=496"}],"version-history":[{"count":5,"href":"https:\/\/bonjourbarcelone.fr\/de\/wp-json\/wp\/v2\/pages\/496\/revisions"}],"predecessor-version":[{"id":4118,"href":"https:\/\/bonjourbarcelone.fr\/de\/wp-json\/wp\/v2\/pages\/496\/revisions\/4118"}],"wp:featuredmedia":[{"embeddable":true,"href":"https:\/\/bonjourbarcelone.fr\/de\/wp-json\/wp\/v2\/media\/1497"}],"wp:attachment":[{"href":"https:\/\/bonjourbarcelone.fr\/de\/wp-json\/wp\/v2\/media?parent=496"}],"curies":[{"name":"wp","href":"https:\/\/api.w.org\/{rel}","templated":true}]}}