{"id":496,"date":"2025-12-09T16:19:09","date_gmt":"2025-12-09T16:19:09","guid":{"rendered":"http:\/\/thibaut.wpengine.com\/?page_id=496"},"modified":"2025-12-26T18:31:17","modified_gmt":"2025-12-26T18:31:17","slug":"miro-foundation-barcelona","status":"publish","type":"page","link":"https:\/\/bonjourbarcelone.fr\/en\/miro-foundation-barcelona\/","title":{"rendered":"Fondation Miro Barcelone : Guide complet et infos utiles [2026]"},"content":{"rendered":"<p>D\u00e9couvrons ensemble <strong>la fondation Joan Mir\u00f3 \u00e0 Barcelone<\/strong>, qui regroupe des \u0153uvres de l&rsquo;un des artistes contemporains les plus influents.<\/p>\n<p>Dans cet article, vous trouverez notamment :<\/p>\n<ul>\n<li>Une pr\u00e9sentation de la fondation Mir\u00f3<\/li>\n<li>Comment y acc\u00e9der<\/li>\n<li>Ce qu&rsquo;on peut voir en la visitant<\/li>\n<li>Des informations et des conseils pratiques : tarifs, horaires, r\u00e9servation<\/li>\n<li>Et bien d&rsquo;autres choses !<\/li>\n<\/ul>\n<p>The Joan Mir\u00f3 Foundation is <strong>THE essential visit<\/strong> when you go to the <strong>Parc MontJu\u00efc<\/strong>. Si vous souhaitez en savoir plus, vous allez adorer cet article.<\/p>\n<p><strong>Let Bonjour Barcelone be your guide!<\/strong><\/p>\n<p><a href=\"https:\/\/bonjourbarcelone.fr\/wp-content\/uploads\/2025\/12\/fundacio-joan-miro.jpg\"><img decoding=\"async\" class=\"aligncenter size-full wp-image-4089\" src=\"https:\/\/bonjourbarcelone.fr\/wp-content\/uploads\/2025\/12\/fundacio-joan-miro.jpg\" alt=\"fundation-joan-miro barcelone\" width=\"600\" height=\"400\" srcset=\"https:\/\/bonjourbarcelone.fr\/wp-content\/uploads\/2025\/12\/fundacio-joan-miro.jpg 600w, https:\/\/bonjourbarcelone.fr\/wp-content\/uploads\/2025\/12\/fundacio-joan-miro-300x200.jpg 300w, https:\/\/bonjourbarcelone.fr\/wp-content\/uploads\/2025\/12\/fundacio-joan-miro-18x12.jpg 18w\" sizes=\"(max-width: 600px) 100vw, 600px\" \/><\/a><\/p>\n<h2 class=\"summary-title\">Fondation Miro Barcelone : sommaire de l&rsquo;article<\/h2>\n<div class=\"summary-box\">\n<ul class=\"summary-list\">\n<li><a href=\"#1\">Fondation Miro Barcelone : pour d\u00e9couvrir le g\u00e9nie du catalan international<br \/>\n<\/a><\/li>\n<li><a href=\"#2\">Informations utiles sur la fondation Miro Barcelone : tarifs, horaires, contacts<br \/>\n<\/a><\/li>\n<li><a href=\"#3\">Comment se rendre \u00e0 la fondation MIR\u00d3 ? <\/a><\/li>\n<li><a href=\"#4\">The history of the Miro Foundation in Barcelona<\/a><\/li>\n<li><a href=\"#5\">A visit to the Miro Foundation<\/a><\/li>\n<li><a href=\"#6\">Astuces de Bonjour Barcelone concernant la fondation Miro + FAQ <\/a><\/li>\n<\/ul>\n<\/div>\n<p><a name=\"1\"><\/a><\/p>\n<h2><strong>Fondation Miro Barcelone : pour d\u00e9couvrir le g\u00e9nie du catalan international\u00a0<\/strong><\/h2>\n<p>The informed and even the uninitiated are well aware that Joan Mir\u00f3 is one of the world's most important artists. <strong>emblematic<\/strong> from <strong>contemporary spanish art<\/strong>and, in particular, the Surrealist movement that made his name worldwide.<\/p>\n<p><img decoding=\"async\" class=\"wp-image-1497 size-medium alignright\" src=\"https:\/\/bonjourbarcelone.fr\/wp-content\/uploads\/2019\/04\/Devant-Fondation-Juan-Miro-500x300-300x180.jpg\" alt=\"\" width=\"300\" height=\"180\" srcset=\"https:\/\/bonjourbarcelone.fr\/wp-content\/uploads\/2019\/04\/Devant-Fondation-Juan-Miro-500x300-300x180.jpg 300w, https:\/\/bonjourbarcelone.fr\/wp-content\/uploads\/2019\/04\/Devant-Fondation-Juan-Miro-500x300.jpg 500w\" sizes=\"(max-width: 300px) 100vw, 300px\" \/>The foundation is located in Barcelona for a simple but important reason: <strong>where he was born and lived many parts of his life<\/strong>.<\/p>\n<p><strong>Very attached to his roots<\/strong>, dont il exprime son amour dans nombre de ses \u0153uvres, c\u2019est \u00e0 l\u2019\u00e2ge de <strong>80 years old<\/strong> that he inaugurates the eponymous foundation. This is the center that brings together <strong>the largest collection<\/strong> to date.<\/p>\n<p>Undeniably <strong>close to French culture<\/strong>is to <strong>Paris <\/strong>that he made some of the finest artistic encounters and friendships of his career: Masson, Breton, Aragon, Jacob, \u00c9luard, Artaud, Leiris, Tzara, <a href=\"https:\/\/bonjourbarcelone.fr\/en\/picasso-museum-barcelona\/\" target=\"_blank\" rel=\"noopener noreferrer\">Picasso<\/a>\u2026 C\u2019est \u00e9galement en France, \u00e0 Paris, bouillon de cr\u00e9ativit\u00e9 et d\u2019inventivit\u00e9, que son art s\u2019est enrichi et structur\u00e9.<\/p>\n<p>Finally, the island of <strong>Majorca<\/strong> was to be his home in old age, allowing him to completely detach himself from the influences and demands of other contemporaries, and devote himself solely to his art.<\/p>\n<p><strong>Painting, collage, sculpture, engraving, lithography, ceramics...<\/strong> the work of Joan Mir\u00f3 is <strong>exceptional<\/strong>. Les lieux accueillant cette exposition permanente sont particuli\u00e8rement admirables et valent en eux-m\u00eames le coup d\u2019\u0153il.<\/p>\n<div class=\"su-button-center\"><a href=\"https:\/\/www.tiqets.com\/fr\/billets-fundacio-joan-miro-l145489\/?partner=bonjourbarcelone\" class=\"su-button su-button-style-default\" style=\"color:#FFFFFF;background-color:#659A16;border-color:#517c12;border-radius:9px\" target=\"_blank\" rel=\"nofollow noopener noreferrer\"><span style=\"color:#FFFFFF;padding:8px 24px;font-size:18px;line-height:27px;border-color:#94b95c;border-radius:9px;text-shadow:none\"><i class=\"sui sui-long-arrow-right\" style=\"font-size:18px;color:#FFFFFF\"><\/i> Cliquez ici pour r\u00e9server vos places pour la fondation Miro au meilleur tarif <\/span><\/a><\/div>\n<p>&nbsp;<\/p>\n<p><img decoding=\"async\" class=\"img-full\" title=\"image name\" src=\"https:\/\/bonjourbarcelone.fr\/wp-content\/uploads\/2017\/07\/Jardins-de-la-fondation-Juan-Miro\u0301.jpg\" alt=\"image name\" \/><br \/>\n<a name=\"2\"><\/a><\/p>\n<h2><strong>Informations utiles sur la fondation Miro Barcelone : tarifs, horaires, contacts\u00a0<\/strong><\/h2>\n<p>Voici les informations \u00e0 conna\u00eetre pour bien pr\u00e9parer votre visite de la fondation Miro de Barcelone.<\/p>\n<h3><strong>Opening hours<\/strong><\/h3>\n<ul>\n<li>Du mardi au samedi : 10h -19h (entre novembre et mars) \/ 10h &#8211; 20h (d&rsquo;avril \u00e0 octobre)<\/li>\n<li>Closed: Mondays except public holidays<\/li>\n<li>Last access: 30 minutes before closing<\/li>\n<\/ul>\n<div class=\"block-quote\"><strong>Please note <\/strong>ces horaires peuvent \u00eatre soumis \u00e0 modification en cas d\u2019\u00e9v\u00e8nements organis\u00e9s par la direction des visites.<\/div>\n<h3><strong>Rates<\/strong><\/h3>\n<ul>\n<li>Tarif normal : 18 euros (acc\u00e8s collection Joan Mir\u00f3 + expositions temporaires)<\/li>\n<li>\u00c9l\u00e8ves et \u00e9tudiants de 13 \u00e0 25 ans \/ plus de 65 ans : 12 euros<\/li>\n<li>Gratuit pour les moins de 12 ans<\/li>\n<\/ul>\n<p>Pour gagner du temps et recevoir vos billets coupe-file imm\u00e9diatement, je vous invite \u00e0 les r\u00e9server en ligne.<\/p>\n<div class=\"su-button-center\"><a href=\"https:\/\/www.tiqets.com\/fr\/billets-fundacio-joan-miro-l145489\/?partner=bonjourbarcelone\" class=\"su-button su-button-style-default\" style=\"color:#FFFFFF;background-color:#659A16;border-color:#517c12;border-radius:9px\" target=\"_blank\" rel=\"nofollow noopener noreferrer\"><span style=\"color:#FFFFFF;padding:8px 24px;font-size:18px;line-height:27px;border-color:#94b95c;border-radius:9px;text-shadow:none\"><i class=\"sui sui-long-arrow-right\" style=\"font-size:18px;color:#FFFFFF\"><\/i> Cliquez ici pour r\u00e9server vos places pour la fondation Miro au meilleur tarif <\/span><\/a><\/div>\n<h4><strong>Contact<\/strong><\/h4>\n<ul>\n<li><strong>Phone<\/strong> : (+34) 934 439 470<\/li>\n<li><b>site officiel : <\/b><a href=\"https:\/\/www.fmirobcn.org\/fr\/\" target=\"_blank\" rel=\"noopener\">https:\/\/www.fmirobcn.org\/fr\/\u00a0<\/a><\/li>\n<\/ul>\n<p><a name=\"3\"><\/a><\/p>\n<h2><strong>Comment se rendre \u00e0 la fondation MIR\u00d3 ?\u00a0<\/strong><\/h2>\n<p>La fondation Miro se trouve dans <a href=\"https:\/\/bonjourbarcelone.fr\/en\/montjuic-park-barcelona\/\">le Parc de Montju\u00efc<\/a> (08038) \u00e0 Barcelone. Pour y acc\u00e9der facilement, vous pouvez emprunter les services suivants :<\/p>\n<ul>\n<li><strong>Bus<\/strong> : 13, 55, et 150 (tr\u00e8s conseill\u00e9, arr\u00eat juste devant l\u2019entr\u00e9e du parc)<\/li>\n<li><strong>Metro<\/strong> Line 1 (red), Line 3 (green) (stop far from the entrance, not recommended)<\/li>\n<li><strong>On foot<\/strong>, via les sentiers de randonn\u00e9e qu&rsquo;offre la colline de Montju\u00efc<\/li>\n<\/ul>\n<div class=\"block-quote\"><strong>Attention<\/strong> There's no private parking, so I suggest you get there by car. <a href=\"https:\/\/bonjourbarcelone.fr\/en\/public-transport-barcelona\/\" target=\"_blank\" rel=\"noopener noreferrer\">public transport<\/a> or by cab<\/div>\n<p><a name=\"4\"><\/a><\/p>\n<h2><strong>The history of the Miro Foundation in Barcelona<\/strong><\/h2>\n<p><a href=\"https:\/\/bonjourbarcelone.fr\/wp-content\/uploads\/2017\/07\/Juan-Miro\u0301.jpg\"><img decoding=\"async\" class=\"alignright size-medium wp-image-373\" src=\"https:\/\/bonjourbarcelone.fr\/wp-content\/uploads\/2017\/07\/Juan-Miro\u0301-236x300.jpg\" alt=\"Juan Mir\u00f3\" width=\"236\" height=\"300\" srcset=\"https:\/\/bonjourbarcelone.fr\/wp-content\/uploads\/2017\/07\/Juan-Miro\u0301-236x300.jpg 236w, https:\/\/bonjourbarcelone.fr\/wp-content\/uploads\/2017\/07\/Juan-Miro\u0301.jpg 640w\" sizes=\"(max-width: 236px) 100vw, 236px\" \/><\/a>Inaugurated in 1975 by <strong>the artist himself<\/strong>the foundation is located on one of Barcelona's hills, in the <strong>Parc MontJu\u00efc<\/strong>a place for cultural and festive events, as well as relaxation.<\/p>\n<p>Les lieux sont l\u2019\u0153uvre de l\u2019architecte <strong>Joseph Llu\u00eds Sert<\/strong>close to Mir\u00f3.<\/p>\n<p>Tr\u00e8s modernes, en majorit\u00e9 peints en blanc pour faire ressortir l\u2019\u00e9motion pure des \u0153uvres de l\u2019artiste consacr\u00e9, ils ont \u00e9t\u00e9 pens\u00e9s pour permettre \u00e0 la lumi\u00e8re naturelle d\u2019entrer le plus possible \u00e0 l\u2019int\u00e9rieur des pi\u00e8ces pour ne pas d\u00e9naturer lesdites \u0153uvres.<\/p>\n<p>They allow visitors to instinctively understand the evolution of Mir\u00f3's art, chronologically following the different phases of his work. <strong>different stages of his life<\/strong>.<\/p>\n<h3><strong>Miro&#8230;mais pas que !\u00a0<\/strong><\/h3>\n<p>L\u2019ensemble des lieux n\u2019est pas qu\u2019enti\u00e8rement consacr\u00e9 \u00e0 Mir\u00f3. Ce dernier a aussi voulu mettre en avant <strong>other artists<\/strong>We're proud of the young, famous and lesser-known people who give the foundation its timeless, avant-garde feel.<\/p>\n<p>It is therefore possible to visit the <strong>temporary exhibitions<\/strong> renouvel\u00e9es tout au long de<a href=\"https:\/\/bonjourbarcelone.fr\/wp-content\/uploads\/2017\/07\/La-Fondation-Juan-Miro\u0301-Barcelone.jpg\"><img decoding=\"async\" class=\"alignright size-medium wp-image-374\" src=\"https:\/\/bonjourbarcelone.fr\/wp-content\/uploads\/2017\/07\/La-Fondation-Juan-Miro\u0301-Barcelone-200x300.jpg\" alt=\"miro barcelona\" width=\"200\" height=\"300\" srcset=\"https:\/\/bonjourbarcelone.fr\/wp-content\/uploads\/2017\/07\/La-Fondation-Juan-Miro\u0301-Barcelone-200x300.jpg 200w, https:\/\/bonjourbarcelone.fr\/wp-content\/uploads\/2017\/07\/La-Fondation-Juan-Miro\u0301-Barcelone.jpg 640w\" sizes=\"(max-width: 200px) 100vw, 200px\" \/><\/a> l\u2019ann\u00e9e !<\/p>\n<p>In addition <strong>academic and artistic activities<\/strong> are organized in the foundation, in line with Mir\u00f3's desire to extend art and culture to as many people as possible.<\/p>\n<p>Les \u0153uvres expos\u00e9es dans la fondation sont en grande partie issues de dons priv\u00e9s, dont la majorit\u00e9 ont \u00e9t\u00e9 <strong>donated by the artist himself <\/strong>since he is the man behind the project.<\/p>\n<p>Il faut noter que la fondation est l\u2019un des uniques exemples de nos jours qui montre un parfait \u00e9quilibre entre l\u2019artiste, point central, et l\u2019architecte. <strong>Ce dialogue entre les deux amis laisse d\u00e9couvrir un univers tout \u00e0 fait particulier.<\/strong><br \/>\n<a name=\"5\"><\/a><\/p>\n<h2><strong>A visit to the Miro Foundation<\/strong><\/h2>\n<p>As mentioned above, the tour is carried out in the following order <strong>chronological<\/strong> so that those who discover the exhibition can feel <strong>artistic evolution<\/strong> of a Mir\u00f3 who, in his early years as a painter, was inspired by <strong>Impressionism<\/strong>then the <strong>cubism<\/strong> and finally the <strong>surrealism<\/strong>.<\/p>\n<p>These different angles have helped create his instantly recognizable art. Today, this \"na\u00efve\" side <strong>indifferent person<\/strong>.<\/p>\n<p>In addition to painting, a great deal of space is given over to <strong>sculpture<\/strong> and <strong>engraving<\/strong>. In the course of his life, Mir\u00f3 sometimes detached himself from painting, and even fought outright against this art form, which he once said he had \"profound contempt\" for.<\/p>\n<p>Nevertheless, it is through painting that we know him best, and above all recognize him.<\/p>\n<aside class=\"block-note\">\n<p class=\"block-offer-desc\">Visit <strong>\u0153uvres principales <\/strong>to discover along the way:<\/p>\n<ul>\n<li>The White Glove (1925)<\/li>\n<li>Painting from a collage (1933)<\/li>\n<li>The Morning Star (1940)<\/li>\n<li>Woman dreaming of escape (1945)<\/li>\n<li>Self-portrait (1937-1960)<\/li>\n<li>Painting (1963)<\/li>\n<li>Catalan peasant in the moonlight (1968)<\/li>\n<li>Smile of a tear (1973)<\/li>\n<li>Triptych of L'Espoir du condamn\u00e9 \u00e0 mort (1974)<\/li>\n<li>The basement of the foundation is dedicated to Mir\u00f3's homage<\/li>\n<\/ul>\n<\/aside>\n<p>This foundation helps us understand his dedication to the <strong>Spanish culture<\/strong>in particular <strong>catalan<\/strong> and his aspiration for other cultures and movements, which have enabled him to legitimize his art on the international scene.<br \/>\n<a name=\"6\"><\/a><\/p>\n<h2><strong>Astuces de Bonjour Barcelone concernant la fondation Miro + FAQ<\/strong><\/h2>\n<ul>\n<li>Visit <strong>best time <\/strong>of the day to visit : <strong>weekday mornings<\/strong> at the opening of the monument<\/li>\n<li>Don't hesitate to <strong>audio-guide<\/strong> pour ne rien rater et pour bien comprendre la vie et la signification des \u0153uvres de Mir\u00f3<\/li>\n<li>Don't forget to visit <strong>terrace and gardens<\/strong> containing precious creations by Mir\u00f3 and other artists!<\/li>\n<li>Borrow the <strong>funicular<\/strong> to go from <a href=\"https:\/\/bonjourbarcelone.fr\/en\/barceloneta-neighborhood\/\" target=\"_blank\" rel=\"noopener noreferrer\">Barceloneta<\/a> a MontJu\u00efc ! Il s\u2019agit du Telef\u00e9rico del Puerto<\/li>\n<li>Some monuments and museums often offer <strong>reductions<\/strong> if you buy <strong>en ligne, <\/strong>notamment via <a href=\"https:\/\/bonjourbarcelone.fr\/en\/barcelona-city-pass\/\">le Pass Barcelone<\/a>... We won't be depriving ourselves!<\/li>\n<\/ul>\n<div class=\"su-button-center\"><a href=\"https:\/\/www.tiqets.com\/fr\/billets-fundacio-joan-miro-l145489\/?partner=bonjourbarcelone\" class=\"su-button su-button-style-default\" style=\"color:#FFFFFF;background-color:#659A16;border-color:#517c12;border-radius:9px\" target=\"_blank\" rel=\"nofollow noopener noreferrer\"><span style=\"color:#FFFFFF;padding:8px 24px;font-size:18px;line-height:27px;border-color:#94b95c;border-radius:9px;text-shadow:none\"><i class=\"sui sui-long-arrow-right\" style=\"font-size:18px;color:#FFFFFF\"><\/i> Cliquez ici pour r\u00e9server vos places pour la fondation Miro au meilleur tarif <\/span><\/a><\/div>\n<p>&nbsp;<\/p>\n<h3 class=\"JlqpRe\"><strong><span class=\"JCzEY tNxQIb\"><span class=\"CSkcDe\">Quelle est la dur\u00e9e moyenne d&rsquo;une visite compl\u00e8te de la Fondation Joan Mir\u00f3 ?<\/span><\/span><\/strong><\/h3>\n<p>Vous pourrez passer <strong>une \u00e0 deux heures<\/strong> au sein de la fondation Mir\u00f3, selon le temps durant lequel vous vous attardez sur chaque \u0153uvre. Avec des expositions temporaires souvent tr\u00e8s int\u00e9ressantes, c&rsquo;est le minimum !<\/p>\n<h3><strong>Trouve-t-on d&rsquo;autres lieux en rapport \u00e0 Mir\u00f3 \u00e0 Barcelone ?\u00a0<\/strong><\/h3>\n<p>Oui, vous pouvez visiter le Parc Joan Mir\u00f3, dont on vous parle plus en d\u00e9tail au sein de <a href=\"https:\/\/bonjourbarcelone.fr\/en\/joan-miro-park\/\">cet article d\u00e9taill\u00e9 de Bonjour Barcelone<\/a>. C&rsquo;est un lieu agr\u00e9able \u00e0 parcourir, entre design et biodiversit\u00e9.<\/p>\n<p>Bonne visite \u00e0 tous !<\/p>","protected":false},"excerpt":{"rendered":"<p>D\u00e9couvrons ensemble la fondation Joan Mir\u00f3 \u00e0 Barcelone, qui regroupe des \u0153uvres de l&rsquo;un des artistes contemporains les plus influents. Dans cet article, vous trouverez notamment : Une pr\u00e9sentation de la fondation Mir\u00f3 Comment y acc\u00e9der Ce qu&rsquo;on peut voir en la visitant Des informations et des conseils pratiques : tarifs, horaires, r\u00e9servation Et bien [&hellip;]<\/p>","protected":false},"author":2,"featured_media":1497,"parent":0,"menu_order":0,"comment_status":"open","ping_status":"closed","template":"","meta":{"om_disable_all_campaigns":false,"_genesis_hide_title":false,"_genesis_hide_breadcrumbs":false,"_genesis_hide_singular_image":false,"_genesis_hide_footer_widgets":false,"_genesis_custom_body_class":"","_genesis_custom_post_class":"","_genesis_layout":"","footnotes":""},"class_list":{"0":"post-496","1":"page","2":"type-page","3":"status-publish","4":"has-post-thumbnail","6":"entry"},"yoast_head":"<!-- This site is optimized with the Yoast SEO plugin v26.5 - https:\/\/yoast.com\/wordpress\/plugins\/seo\/ -->\n<title>Fondation Miro Barcelone : Guide complet et infos utiles [2026]<\/title>\n<meta name=\"description\" content=\"Voici le guide complet pour visiter la fondation Joan Miro \u00e0 Barcelone ! Informations pratiques, comment s&#039;y rendre, tout y est !\" \/>\n<meta name=\"robots\" content=\"index, follow, max-snippet:-1, max-image-preview:large, max-video-preview:-1\" \/>\n<link rel=\"canonical\" href=\"https:\/\/bonjourbarcelone.fr\/en\/miro-foundation-barcelona\/\" \/>\n<meta property=\"og:locale\" content=\"en_US\" \/>\n<meta property=\"og:type\" content=\"article\" \/>\n<meta property=\"og:title\" content=\"Fondation Miro Barcelone : Guide complet et infos utiles [2026]\" \/>\n<meta property=\"og:description\" content=\"Voici le guide complet pour visiter la fondation Joan Miro \u00e0 Barcelone ! Informations pratiques, comment s&#039;y rendre, tout y est !\" \/>\n<meta property=\"og:url\" content=\"https:\/\/bonjourbarcelone.fr\/en\/miro-foundation-barcelona\/\" \/>\n<meta property=\"og:site_name\" content=\"Visiter Barcelone\" \/>\n<meta property=\"article:modified_time\" content=\"2025-12-26T18:31:17+00:00\" \/>\n<meta property=\"og:image\" content=\"https:\/\/bonjourbarcelone.fr\/wp-content\/uploads\/2019\/04\/Devant-Fondation-Juan-Miro-500x300.jpg\" \/>\n\t<meta property=\"og:image:width\" content=\"500\" \/>\n\t<meta property=\"og:image:height\" content=\"300\" \/>\n\t<meta property=\"og:image:type\" content=\"image\/jpeg\" \/>\n<meta name=\"twitter:card\" content=\"summary_large_image\" \/>\n<meta name=\"twitter:label1\" content=\"Est. reading time\" \/>\n\t<meta name=\"twitter:data1\" content=\"9 minutes\" \/>\n<script type=\"application\/ld+json\" class=\"yoast-schema-graph\">{\"@context\":\"https:\/\/schema.org\",\"@graph\":[{\"@type\":\"WebPage\",\"@id\":\"https:\/\/bonjourbarcelone.fr\/fondation-miro-barcelone\/\",\"url\":\"https:\/\/bonjourbarcelone.fr\/fondation-miro-barcelone\/\",\"name\":\"Fondation Miro Barcelone : Guide complet et infos utiles [2026]\",\"isPartOf\":{\"@id\":\"https:\/\/bonjourbarcelone.fr\/#website\"},\"primaryImageOfPage\":{\"@id\":\"https:\/\/bonjourbarcelone.fr\/fondation-miro-barcelone\/#primaryimage\"},\"image\":{\"@id\":\"https:\/\/bonjourbarcelone.fr\/fondation-miro-barcelone\/#primaryimage\"},\"thumbnailUrl\":\"https:\/\/bonjourbarcelone.fr\/wp-content\/uploads\/2019\/04\/Devant-Fondation-Juan-Miro-500x300.jpg\",\"datePublished\":\"2025-12-09T16:19:09+00:00\",\"dateModified\":\"2025-12-26T18:31:17+00:00\",\"description\":\"Voici le guide complet pour visiter la fondation Joan Miro \u00e0 Barcelone ! Informations pratiques, comment s'y rendre, tout y est !\",\"breadcrumb\":{\"@id\":\"https:\/\/bonjourbarcelone.fr\/fondation-miro-barcelone\/#breadcrumb\"},\"inLanguage\":\"en-US\",\"potentialAction\":[{\"@type\":\"ReadAction\",\"target\":[\"https:\/\/bonjourbarcelone.fr\/fondation-miro-barcelone\/\"]}]},{\"@type\":\"ImageObject\",\"inLanguage\":\"en-US\",\"@id\":\"https:\/\/bonjourbarcelone.fr\/fondation-miro-barcelone\/#primaryimage\",\"url\":\"https:\/\/bonjourbarcelone.fr\/wp-content\/uploads\/2019\/04\/Devant-Fondation-Juan-Miro-500x300.jpg\",\"contentUrl\":\"https:\/\/bonjourbarcelone.fr\/wp-content\/uploads\/2019\/04\/Devant-Fondation-Juan-Miro-500x300.jpg\",\"width\":500,\"height\":300},{\"@type\":\"BreadcrumbList\",\"@id\":\"https:\/\/bonjourbarcelone.fr\/fondation-miro-barcelone\/#breadcrumb\",\"itemListElement\":[{\"@type\":\"ListItem\",\"position\":1,\"name\":\"Accueil\",\"item\":\"https:\/\/bonjourbarcelone.fr\/\"},{\"@type\":\"ListItem\",\"position\":2,\"name\":\"Fondation Miro Barcelone : Guide complet et infos utiles [2026]\"}]},{\"@type\":\"WebSite\",\"@id\":\"https:\/\/bonjourbarcelone.fr\/#website\",\"url\":\"https:\/\/bonjourbarcelone.fr\/\",\"name\":\"Visiter Barcelone\",\"description\":\"Tout pour passer un s\u00e9jour inoubliable en 2026 !\",\"potentialAction\":[{\"@type\":\"SearchAction\",\"target\":{\"@type\":\"EntryPoint\",\"urlTemplate\":\"https:\/\/bonjourbarcelone.fr\/?s={search_term_string}\"},\"query-input\":{\"@type\":\"PropertyValueSpecification\",\"valueRequired\":true,\"valueName\":\"search_term_string\"}}],\"inLanguage\":\"en-US\"}]}<\/script>\n<!-- \/ Yoast SEO plugin. -->","yoast_head_json":{"title":"Fondation Miro Barcelone : Guide complet et infos utiles [2026]","description":"Here's the complete guide to the Joan Miro Foundation in Barcelona! Practical information, how to get there, it's all here!","robots":{"index":"index","follow":"follow","max-snippet":"max-snippet:-1","max-image-preview":"max-image-preview:large","max-video-preview":"max-video-preview:-1"},"canonical":"https:\/\/bonjourbarcelone.fr\/en\/miro-foundation-barcelona\/","og_locale":"en_US","og_type":"article","og_title":"Fondation Miro Barcelone : Guide complet et infos utiles [2026]","og_description":"Voici le guide complet pour visiter la fondation Joan Miro \u00e0 Barcelone ! Informations pratiques, comment s'y rendre, tout y est !","og_url":"https:\/\/bonjourbarcelone.fr\/en\/miro-foundation-barcelona\/","og_site_name":"Visiter Barcelone","article_modified_time":"2025-12-26T18:31:17+00:00","og_image":[{"width":500,"height":300,"url":"https:\/\/bonjourbarcelone.fr\/wp-content\/uploads\/2019\/04\/Devant-Fondation-Juan-Miro-500x300.jpg","type":"image\/jpeg"}],"twitter_card":"summary_large_image","twitter_misc":{"Est. reading time":"9 minutes"},"schema":{"@context":"https:\/\/schema.org","@graph":[{"@type":"WebPage","@id":"https:\/\/bonjourbarcelone.fr\/fondation-miro-barcelone\/","url":"https:\/\/bonjourbarcelone.fr\/fondation-miro-barcelone\/","name":"Fondation Miro Barcelone : Guide complet et infos utiles [2026]","isPartOf":{"@id":"https:\/\/bonjourbarcelone.fr\/#website"},"primaryImageOfPage":{"@id":"https:\/\/bonjourbarcelone.fr\/fondation-miro-barcelone\/#primaryimage"},"image":{"@id":"https:\/\/bonjourbarcelone.fr\/fondation-miro-barcelone\/#primaryimage"},"thumbnailUrl":"https:\/\/bonjourbarcelone.fr\/wp-content\/uploads\/2019\/04\/Devant-Fondation-Juan-Miro-500x300.jpg","datePublished":"2025-12-09T16:19:09+00:00","dateModified":"2025-12-26T18:31:17+00:00","description":"Here's the complete guide to the Joan Miro Foundation in Barcelona! Practical information, how to get there, it's all here!","breadcrumb":{"@id":"https:\/\/bonjourbarcelone.fr\/fondation-miro-barcelone\/#breadcrumb"},"inLanguage":"en-US","potentialAction":[{"@type":"ReadAction","target":["https:\/\/bonjourbarcelone.fr\/fondation-miro-barcelone\/"]}]},{"@type":"ImageObject","inLanguage":"en-US","@id":"https:\/\/bonjourbarcelone.fr\/fondation-miro-barcelone\/#primaryimage","url":"https:\/\/bonjourbarcelone.fr\/wp-content\/uploads\/2019\/04\/Devant-Fondation-Juan-Miro-500x300.jpg","contentUrl":"https:\/\/bonjourbarcelone.fr\/wp-content\/uploads\/2019\/04\/Devant-Fondation-Juan-Miro-500x300.jpg","width":500,"height":300},{"@type":"BreadcrumbList","@id":"https:\/\/bonjourbarcelone.fr\/fondation-miro-barcelone\/#breadcrumb","itemListElement":[{"@type":"ListItem","position":1,"name":"Accueil","item":"https:\/\/bonjourbarcelone.fr\/"},{"@type":"ListItem","position":2,"name":"Fondation Miro Barcelone : Guide complet et infos utiles [2026]"}]},{"@type":"WebSite","@id":"https:\/\/bonjourbarcelone.fr\/#website","url":"https:\/\/bonjourbarcelone.fr\/","name":"Visiting Barcelona","description":"Tout pour passer un s\u00e9jour inoubliable en 2026 !","potentialAction":[{"@type":"SearchAction","target":{"@type":"EntryPoint","urlTemplate":"https:\/\/bonjourbarcelone.fr\/?s={search_term_string}"},"query-input":{"@type":"PropertyValueSpecification","valueRequired":true,"valueName":"search_term_string"}}],"inLanguage":"en-US"}]}},"_links":{"self":[{"href":"https:\/\/bonjourbarcelone.fr\/en\/wp-json\/wp\/v2\/pages\/496","targetHints":{"allow":["GET"]}}],"collection":[{"href":"https:\/\/bonjourbarcelone.fr\/en\/wp-json\/wp\/v2\/pages"}],"about":[{"href":"https:\/\/bonjourbarcelone.fr\/en\/wp-json\/wp\/v2\/types\/page"}],"author":[{"embeddable":true,"href":"https:\/\/bonjourbarcelone.fr\/en\/wp-json\/wp\/v2\/users\/2"}],"replies":[{"embeddable":true,"href":"https:\/\/bonjourbarcelone.fr\/en\/wp-json\/wp\/v2\/comments?post=496"}],"version-history":[{"count":5,"href":"https:\/\/bonjourbarcelone.fr\/en\/wp-json\/wp\/v2\/pages\/496\/revisions"}],"predecessor-version":[{"id":4118,"href":"https:\/\/bonjourbarcelone.fr\/en\/wp-json\/wp\/v2\/pages\/496\/revisions\/4118"}],"wp:featuredmedia":[{"embeddable":true,"href":"https:\/\/bonjourbarcelone.fr\/en\/wp-json\/wp\/v2\/media\/1497"}],"wp:attachment":[{"href":"https:\/\/bonjourbarcelone.fr\/en\/wp-json\/wp\/v2\/media?parent=496"}],"curies":[{"name":"wp","href":"https:\/\/api.w.org\/{rel}","templated":true}]}}